{"id":32461,"date":"2026-04-28T11:31:43","date_gmt":"2026-04-28T08:31:43","guid":{"rendered":"https:\/\/www.athensmusicweek.gr\/?post_type=speaker&#038;p=32461"},"modified":"2026-04-28T11:32:51","modified_gmt":"2026-04-28T08:32:51","slug":"stefanos-donikian-gr","status":"publish","type":"speaker","link":"https:\/\/www.athensmusicweek.gr\/el\/speakers\/stefanos-donikian-gr\/","title":{"rendered":"Stefanos Donikian (GR)"},"content":{"rendered":"<p>La Saramuya is a Pic\u00f3 Sound System born from an immersion in Colombia\u2019s Caribbean culture. Inspired by Barranquilla&#8217;s carnival and the legendary Pic\u00f3 street parties known as &#8220;Verbenas&#8221;, La Saramuya is a fully Barranquilla-built pic\u00f3 now based in Athens, and moving across Europe. This Pic\u00f3 was built with the guidance and specifications of local experts, and embodies the craftsmanship and sound that define this culture, including the artwork by Maestro William Guti\u00e9rrez. A smaller sister pic\u00f3 remains in Barranquilla, maintaining the connection between both systems and fostering cultural exchange. Blending new and old sounds, La Saramuya carries a clear cultural mission to transport the dance floor into a musical Odyssey, remaining faithful to her roots with every performance, to make this culture grow and evolve, always with the utmost respect to the Cultura Picotera. <\/p><p>Behind the project is Stefanos Donikian (Stivako), a Greek-Armenian DJ and vinyl selector raised in Ethiopia. His sets blend traditional and more contemporary Pic\u00f3 sounds \u2014 African, Afro-Latin, Brazilian and Caribbean rhythms from the 60s, 70s and 80s \u2014 recreating the raw energy and experience of the legendary Verbenas.<\/p>","protected":false},"excerpt":{"rendered":"<p>La Saramuya is a Pic\u00f3 Sound System born from an immersion in Colombia\u2019s Caribbean culture. Inspired by Barranquilla&#8217;s carnival and the legendary Pic\u00f3 street parties known as &#8220;Verbenas&#8221;, La Saramuya is a fully Barranquilla-built pic\u00f3 now based in Athens, and moving across Europe. This Pic\u00f3 was built with the guidance and specifications of local experts, [&hellip;]<\/p>\n","protected":false},"featured_media":32459,"menu_order":0,"template":"","meta":{"_acf_changed":false,"footnotes":""},"event-cat":[86],"nationality":[80],"destination":[],"topic":[],"language":[361],"class_list":["post-32461","speaker","type-speaker","status-publish","has-post-thumbnail","hentry","event-cat-conference-el","nationality-greece-el","language-greek-el-2"],"acf":[],"featured_image_src":"https:\/\/www.athensmusicweek.gr\/wp-content\/uploads\/2026\/04\/Stefanos-Donikian.jpg","ams_acf":[{"key":"year_showing","label":"Year Showing","value":"2026"},{"key":"job_title","label":"Job Title","value":"DJ\/Vinyl Selector & Colector \/ Curator, La Saramuya Pic\u00f3 Sound System"},{"key":"social_media","label":"Social Media","value":[{"link":{"title":"Instagram","url":"https:\/\/www.instagram.com\/stivako\/","target":""}}]}],"yoast_head":"<!-- This site is optimized with the Yoast SEO plugin v24.5 - https:\/\/yoast.com\/wordpress\/plugins\/seo\/ -->\n<title>Stefanos Donikian (GR) - Athens Music Week<\/title>\n<meta name=\"robots\" content=\"index, follow, max-snippet:-1, max-image-preview:large, max-video-preview:-1\" \/>\n<link rel=\"canonical\" href=\"https:\/\/www.athensmusicweek.gr\/el\/speakers\/stefanos-donikian-gr\/\" \/>\n<meta property=\"og:locale\" content=\"el_GR\" \/>\n<meta property=\"og:type\" content=\"article\" \/>\n<meta property=\"og:title\" content=\"Stefanos Donikian (GR) - Athens Music Week\" \/>\n<meta property=\"og:description\" content=\"La Saramuya is a Pic\u00f3 Sound System born from an immersion in Colombia\u2019s Caribbean culture. Inspired by Barranquilla&#8217;s carnival and the legendary Pic\u00f3 street parties known as &#8220;Verbenas&#8221;, La Saramuya is a fully Barranquilla-built pic\u00f3 now based in Athens, and moving across Europe. This Pic\u00f3 was built with the guidance and specifications of local experts, [&hellip;]\" \/>\n<meta property=\"og:url\" content=\"https:\/\/www.athensmusicweek.gr\/el\/speakers\/stefanos-donikian-gr\/\" \/>\n<meta property=\"og:site_name\" content=\"Athens Music Week\" \/>\n<meta property=\"article:modified_time\" content=\"2026-04-28T08:32:51+00:00\" \/>\n<meta property=\"og:image\" content=\"https:\/\/www.athensmusicweek.gr\/wp-content\/uploads\/2026\/04\/Stefanos-Donikian.jpg\" \/>\n\t<meta property=\"og:image:width\" content=\"500\" \/>\n\t<meta property=\"og:image:height\" content=\"500\" \/>\n\t<meta property=\"og:image:type\" content=\"image\/jpeg\" \/>\n<meta name=\"twitter:card\" content=\"summary_large_image\" \/>\n<meta name=\"twitter:label1\" content=\"\u0395\u03ba\u03c4\u03b9\u03bc\u03ce\u03bc\u03b5\u03bd\u03bf\u03c2 \u03c7\u03c1\u03cc\u03bd\u03bf\u03c2 \u03b1\u03bd\u03ac\u03b3\u03bd\u03c9\u03c3\u03b7\u03c2\" \/>\n\t<meta name=\"twitter:data1\" content=\"1 \u03bb\u03b5\u03c0\u03c4\u03cc\" \/>\n<script type=\"application\/ld+json\" class=\"yoast-schema-graph\">{\"@context\":\"https:\/\/schema.org\",\"@graph\":[{\"@type\":\"WebPage\",\"@id\":\"https:\/\/www.athensmusicweek.gr\/el\/speakers\/stefanos-donikian-gr\/\",\"url\":\"https:\/\/www.athensmusicweek.gr\/el\/speakers\/stefanos-donikian-gr\/\",\"name\":\"Stefanos Donikian (GR) - Athens Music Week\",\"isPartOf\":{\"@id\":\"https:\/\/amw21.stix.gr\/#website\"},\"primaryImageOfPage\":{\"@id\":\"https:\/\/www.athensmusicweek.gr\/el\/speakers\/stefanos-donikian-gr\/#primaryimage\"},\"image\":{\"@id\":\"https:\/\/www.athensmusicweek.gr\/el\/speakers\/stefanos-donikian-gr\/#primaryimage\"},\"thumbnailUrl\":\"https:\/\/www.athensmusicweek.gr\/wp-content\/uploads\/2026\/04\/Stefanos-Donikian.jpg\",\"datePublished\":\"2026-04-28T08:31:43+00:00\",\"dateModified\":\"2026-04-28T08:32:51+00:00\",\"breadcrumb\":{\"@id\":\"https:\/\/www.athensmusicweek.gr\/el\/speakers\/stefanos-donikian-gr\/#breadcrumb\"},\"inLanguage\":\"el\",\"potentialAction\":[{\"@type\":\"ReadAction\",\"target\":[\"https:\/\/www.athensmusicweek.gr\/el\/speakers\/stefanos-donikian-gr\/\"]}]},{\"@type\":\"ImageObject\",\"inLanguage\":\"el\",\"@id\":\"https:\/\/www.athensmusicweek.gr\/el\/speakers\/stefanos-donikian-gr\/#primaryimage\",\"url\":\"https:\/\/www.athensmusicweek.gr\/wp-content\/uploads\/2026\/04\/Stefanos-Donikian.jpg\",\"contentUrl\":\"https:\/\/www.athensmusicweek.gr\/wp-content\/uploads\/2026\/04\/Stefanos-Donikian.jpg\",\"width\":500,\"height\":500},{\"@type\":\"BreadcrumbList\",\"@id\":\"https:\/\/www.athensmusicweek.gr\/el\/speakers\/stefanos-donikian-gr\/#breadcrumb\",\"itemListElement\":[{\"@type\":\"ListItem\",\"position\":1,\"name\":\"Home\",\"item\":\"https:\/\/www.athensmusicweek.gr\/el\/\"},{\"@type\":\"ListItem\",\"position\":2,\"name\":\"Speakers\",\"item\":\"https:\/\/amw21.stix.gr\/speakers\/\"},{\"@type\":\"ListItem\",\"position\":3,\"name\":\"Stefanos Donikian (GR)\"}]},{\"@type\":\"WebSite\",\"@id\":\"https:\/\/amw21.stix.gr\/#website\",\"url\":\"https:\/\/amw21.stix.gr\/\",\"name\":\"Athens Music Week\",\"description\":\"Connecting Cultures. Inspiring Innovation\",\"publisher\":{\"@id\":\"https:\/\/amw21.stix.gr\/#organization\"},\"potentialAction\":[{\"@type\":\"SearchAction\",\"target\":{\"@type\":\"EntryPoint\",\"urlTemplate\":\"https:\/\/amw21.stix.gr\/?s={search_term_string}\"},\"query-input\":{\"@type\":\"PropertyValueSpecification\",\"valueRequired\":true,\"valueName\":\"search_term_string\"}}],\"inLanguage\":\"el\"},{\"@type\":\"Organization\",\"@id\":\"https:\/\/amw21.stix.gr\/#organization\",\"name\":\"Athens Music Week\",\"url\":\"https:\/\/amw21.stix.gr\/\",\"logo\":{\"@type\":\"ImageObject\",\"inLanguage\":\"el\",\"@id\":\"https:\/\/amw21.stix.gr\/#\/schema\/logo\/image\/\",\"url\":\"https:\/\/www.athensmusicweek.gr\/wp-content\/uploads\/2022\/06\/AMW_avatars-3-copy-7@2x.webp\",\"contentUrl\":\"https:\/\/www.athensmusicweek.gr\/wp-content\/uploads\/2022\/06\/AMW_avatars-3-copy-7@2x.webp\",\"width\":801,\"height\":801,\"caption\":\"Athens Music Week\"},\"image\":{\"@id\":\"https:\/\/amw21.stix.gr\/#\/schema\/logo\/image\/\"}}]}<\/script>\n<!-- \/ Yoast SEO plugin. -->","yoast_head_json":{"title":"Stefanos Donikian (GR) - Athens Music Week","robots":{"index":"index","follow":"follow","max-snippet":"max-snippet:-1","max-image-preview":"max-image-preview:large","max-video-preview":"max-video-preview:-1"},"canonical":"https:\/\/www.athensmusicweek.gr\/el\/speakers\/stefanos-donikian-gr\/","og_locale":"el_GR","og_type":"article","og_title":"Stefanos Donikian (GR) - Athens Music Week","og_description":"La Saramuya is a Pic\u00f3 Sound System born from an immersion in Colombia\u2019s Caribbean culture. Inspired by Barranquilla&#8217;s carnival and the legendary Pic\u00f3 street parties known as &#8220;Verbenas&#8221;, La Saramuya is a fully Barranquilla-built pic\u00f3 now based in Athens, and moving across Europe. This Pic\u00f3 was built with the guidance and specifications of local experts, [&hellip;]","og_url":"https:\/\/www.athensmusicweek.gr\/el\/speakers\/stefanos-donikian-gr\/","og_site_name":"Athens Music Week","article_modified_time":"2026-04-28T08:32:51+00:00","og_image":[{"width":500,"height":500,"url":"https:\/\/www.athensmusicweek.gr\/wp-content\/uploads\/2026\/04\/Stefanos-Donikian.jpg","type":"image\/jpeg"}],"twitter_card":"summary_large_image","twitter_misc":{"\u0395\u03ba\u03c4\u03b9\u03bc\u03ce\u03bc\u03b5\u03bd\u03bf\u03c2 \u03c7\u03c1\u03cc\u03bd\u03bf\u03c2 \u03b1\u03bd\u03ac\u03b3\u03bd\u03c9\u03c3\u03b7\u03c2":"1 \u03bb\u03b5\u03c0\u03c4\u03cc"},"schema":{"@context":"https:\/\/schema.org","@graph":[{"@type":"WebPage","@id":"https:\/\/www.athensmusicweek.gr\/el\/speakers\/stefanos-donikian-gr\/","url":"https:\/\/www.athensmusicweek.gr\/el\/speakers\/stefanos-donikian-gr\/","name":"Stefanos Donikian (GR) - Athens Music Week","isPartOf":{"@id":"https:\/\/amw21.stix.gr\/#website"},"primaryImageOfPage":{"@id":"https:\/\/www.athensmusicweek.gr\/el\/speakers\/stefanos-donikian-gr\/#primaryimage"},"image":{"@id":"https:\/\/www.athensmusicweek.gr\/el\/speakers\/stefanos-donikian-gr\/#primaryimage"},"thumbnailUrl":"https:\/\/www.athensmusicweek.gr\/wp-content\/uploads\/2026\/04\/Stefanos-Donikian.jpg","datePublished":"2026-04-28T08:31:43+00:00","dateModified":"2026-04-28T08:32:51+00:00","breadcrumb":{"@id":"https:\/\/www.athensmusicweek.gr\/el\/speakers\/stefanos-donikian-gr\/#breadcrumb"},"inLanguage":"el","potentialAction":[{"@type":"ReadAction","target":["https:\/\/www.athensmusicweek.gr\/el\/speakers\/stefanos-donikian-gr\/"]}]},{"@type":"ImageObject","inLanguage":"el","@id":"https:\/\/www.athensmusicweek.gr\/el\/speakers\/stefanos-donikian-gr\/#primaryimage","url":"https:\/\/www.athensmusicweek.gr\/wp-content\/uploads\/2026\/04\/Stefanos-Donikian.jpg","contentUrl":"https:\/\/www.athensmusicweek.gr\/wp-content\/uploads\/2026\/04\/Stefanos-Donikian.jpg","width":500,"height":500},{"@type":"BreadcrumbList","@id":"https:\/\/www.athensmusicweek.gr\/el\/speakers\/stefanos-donikian-gr\/#breadcrumb","itemListElement":[{"@type":"ListItem","position":1,"name":"Home","item":"https:\/\/www.athensmusicweek.gr\/el\/"},{"@type":"ListItem","position":2,"name":"Speakers","item":"https:\/\/amw21.stix.gr\/speakers\/"},{"@type":"ListItem","position":3,"name":"Stefanos Donikian (GR)"}]},{"@type":"WebSite","@id":"https:\/\/amw21.stix.gr\/#website","url":"https:\/\/amw21.stix.gr\/","name":"Athens Music Week","description":"Connecting Cultures. Inspiring Innovation","publisher":{"@id":"https:\/\/amw21.stix.gr\/#organization"},"potentialAction":[{"@type":"SearchAction","target":{"@type":"EntryPoint","urlTemplate":"https:\/\/amw21.stix.gr\/?s={search_term_string}"},"query-input":{"@type":"PropertyValueSpecification","valueRequired":true,"valueName":"search_term_string"}}],"inLanguage":"el"},{"@type":"Organization","@id":"https:\/\/amw21.stix.gr\/#organization","name":"Athens Music Week","url":"https:\/\/amw21.stix.gr\/","logo":{"@type":"ImageObject","inLanguage":"el","@id":"https:\/\/amw21.stix.gr\/#\/schema\/logo\/image\/","url":"https:\/\/www.athensmusicweek.gr\/wp-content\/uploads\/2022\/06\/AMW_avatars-3-copy-7@2x.webp","contentUrl":"https:\/\/www.athensmusicweek.gr\/wp-content\/uploads\/2022\/06\/AMW_avatars-3-copy-7@2x.webp","width":801,"height":801,"caption":"Athens Music Week"},"image":{"@id":"https:\/\/amw21.stix.gr\/#\/schema\/logo\/image\/"}}]}},"_links":{"self":[{"href":"https:\/\/www.athensmusicweek.gr\/el\/wp-json\/wp\/v2\/speaker\/32461","targetHints":{"allow":["GET"]}}],"collection":[{"href":"https:\/\/www.athensmusicweek.gr\/el\/wp-json\/wp\/v2\/speaker"}],"about":[{"href":"https:\/\/www.athensmusicweek.gr\/el\/wp-json\/wp\/v2\/types\/speaker"}],"version-history":[{"count":2,"href":"https:\/\/www.athensmusicweek.gr\/el\/wp-json\/wp\/v2\/speaker\/32461\/revisions"}],"predecessor-version":[{"id":32464,"href":"https:\/\/www.athensmusicweek.gr\/el\/wp-json\/wp\/v2\/speaker\/32461\/revisions\/32464"}],"wp:featuredmedia":[{"embeddable":true,"href":"https:\/\/www.athensmusicweek.gr\/el\/wp-json\/wp\/v2\/media\/32459"}],"wp:attachment":[{"href":"https:\/\/www.athensmusicweek.gr\/el\/wp-json\/wp\/v2\/media?parent=32461"}],"wp:term":[{"taxonomy":"event-cat","embeddable":true,"href":"https:\/\/www.athensmusicweek.gr\/el\/wp-json\/wp\/v2\/event-cat?post=32461"},{"taxonomy":"nationality","embeddable":true,"href":"https:\/\/www.athensmusicweek.gr\/el\/wp-json\/wp\/v2\/nationality?post=32461"},{"taxonomy":"destination","embeddable":true,"href":"https:\/\/www.athensmusicweek.gr\/el\/wp-json\/wp\/v2\/destination?post=32461"},{"taxonomy":"topic","embeddable":true,"href":"https:\/\/www.athensmusicweek.gr\/el\/wp-json\/wp\/v2\/topic?post=32461"},{"taxonomy":"language","embeddable":true,"href":"https:\/\/www.athensmusicweek.gr\/el\/wp-json\/wp\/v2\/language?post=32461"}],"curies":[{"name":"wp","href":"https:\/\/api.w.org\/{rel}","templated":true}]}}